{"id":110,"date":"2019-05-31T12:46:49","date_gmt":"2019-05-31T12:46:49","guid":{"rendered":"http:\/\/demo.athemes.com\/airi-lawyer\/?page_id=110"},"modified":"2024-11-06T10:13:35","modified_gmt":"2024-11-06T09:13:35","slug":"team","status":"publish","type":"page","link":"https:\/\/avocatcolmant.be\/?page_id=110","title":{"rendered":"Equipe"},"content":{"rendered":"\t\t<div data-elementor-type=\"wp-post\" data-elementor-id=\"110\" class=\"elementor elementor-110\">\n\t\t\t\t\t\t<section class=\"elementor-section elementor-top-section elementor-element elementor-element-3a7077ae elementor-section-boxed elementor-section-height-default elementor-section-height-default\" data-id=\"3a7077ae\" data-element_type=\"section\">\n\t\t\t\t\t\t<div class=\"elementor-container elementor-column-gap-no\">\n\t\t\t\t\t<div class=\"elementor-column elementor-col-50 elementor-top-column elementor-element elementor-element-61f51823\" data-id=\"61f51823\" data-element_type=\"column\">\n\t\t\t<div class=\"elementor-widget-wrap elementor-element-populated\">\n\t\t\t\t\t\t<section class=\"elementor-section elementor-inner-section elementor-element elementor-element-499440ba elementor-section-boxed elementor-section-height-default elementor-section-height-default\" data-id=\"499440ba\" data-element_type=\"section\">\n\t\t\t\t\t\t<div class=\"elementor-container elementor-column-gap-no\">\n\t\t\t\t\t<div class=\"elementor-column elementor-col-100 elementor-inner-column elementor-element elementor-element-24b7a2b5\" data-id=\"24b7a2b5\" data-element_type=\"column\">\n\t\t\t<div class=\"elementor-widget-wrap elementor-element-populated\">\n\t\t\t\t\t\t<div class=\"elementor-element elementor-element-54013ed8 elementor-widget elementor-widget-heading\" data-id=\"54013ed8\" data-element_type=\"widget\" data-widget_type=\"heading.default\">\n\t\t\t\t<div class=\"elementor-widget-container\">\n\t\t\t<h3 class=\"elementor-heading-title elementor-size-default\"><a href=\"http:\/\/demo.themecitizen.com\/airi\/jayden-gill\/\">Alain COLMANT<\/a><\/h3>\t\t<\/div>\n\t\t\t\t<\/div>\n\t\t\t\t<div class=\"elementor-element elementor-element-a588f04 elementor-widget elementor-widget-heading\" data-id=\"a588f04\" data-element_type=\"widget\" data-widget_type=\"heading.default\">\n\t\t\t\t<div class=\"elementor-widget-container\">\n\t\t\t<p class=\"elementor-heading-title elementor-size-default\">Ma\u00eetre Alain COLMANT est Docteur en droit \u00e0 l'Universit\u00e9 libre de Bruxelles. \n<br><br>Il a pr\u00eat\u00e9 serment au Barreau de Mons en septembre 1971. <br><br>Ancien B\u00e2tonnier, Il a particip\u00e9 \u00e0 la cr\u00e9ation et reste le premier Pr\u00e9sident du Conseil de Discipline des Barreaux de Mons, Charleroi et Tournai.<br><br> Ancien Juge suppl\u00e9ant au Tribunal de l\u2019Entreprise du Hainaut \u2013 Division de Mons, il si\u00e8ge aujourd\u2019hui au sein du Tribunal disciplinaire francophone des Magistrats.<br><br>Outre les mati\u00e8res du Cabinet, il b\u00e9n\u00e9ficie d\u2019une expertise approfondie en mati\u00e8re fonci\u00e8re, de droit agricole et des baux \u00e0 ferme.\n<\/p>\t\t<\/div>\n\t\t\t\t<\/div>\n\t\t\t\t\t<\/div>\n\t\t<\/div>\n\t\t\t\t\t<\/div>\n\t\t<\/section>\n\t\t\t\t<div class=\"elementor-element elementor-element-16fe8c8 elementor-widget__width-initial elementor-invisible elementor-widget elementor-widget-image\" data-id=\"16fe8c8\" data-element_type=\"widget\" data-settings=\"{&quot;_animation&quot;:&quot;fadeInLeft&quot;}\" data-widget_type=\"image.default\">\n\t\t\t\t<div class=\"elementor-widget-container\">\n\t\t\t\t\t\t\t\t\t\t\t\t\t<img decoding=\"async\" src=\"https:\/\/avocatcolmant.be\/wp-content\/uploads\/elementor\/thumbs\/DSC01819-NB-scaled-qfcembase7aal7cem0f3nkxiuc16sfhv6lzwx26120.jpg\" title=\"DSC01819 NB\" alt=\"DSC01819 NB\" loading=\"lazy\" \/>\t\t\t\t\t\t\t\t\t\t\t\t\t<\/div>\n\t\t\t\t<\/div>\n\t\t\t\t\t<\/div>\n\t\t<\/div>\n\t\t\t\t<div class=\"elementor-column elementor-col-50 elementor-top-column elementor-element elementor-element-2845c350\" data-id=\"2845c350\" data-element_type=\"column\">\n\t\t\t<div class=\"elementor-widget-wrap elementor-element-populated\">\n\t\t\t\t\t\t<section class=\"elementor-section elementor-inner-section elementor-element elementor-element-7ed9065b elementor-section-boxed elementor-section-height-default elementor-section-height-default\" data-id=\"7ed9065b\" data-element_type=\"section\">\n\t\t\t\t\t\t<div class=\"elementor-container elementor-column-gap-no\">\n\t\t\t\t\t<div class=\"elementor-column elementor-col-100 elementor-inner-column elementor-element elementor-element-458fe6d8\" data-id=\"458fe6d8\" data-element_type=\"column\">\n\t\t\t<div class=\"elementor-widget-wrap elementor-element-populated\">\n\t\t\t\t\t\t<div class=\"elementor-element elementor-element-7cfb0667 elementor-widget elementor-widget-heading\" data-id=\"7cfb0667\" data-element_type=\"widget\" data-widget_type=\"heading.default\">\n\t\t\t\t<div class=\"elementor-widget-container\">\n\t\t\t<h3 class=\"elementor-heading-title elementor-size-default\"><a href=\"http:\/\/demo.themecitizen.com\/airi\/jayden-gill\/\">Alexis COLMANT<\/a><\/h3>\t\t<\/div>\n\t\t\t\t<\/div>\n\t\t\t\t<div class=\"elementor-element elementor-element-5e708b2 elementor-widget elementor-widget-heading\" data-id=\"5e708b2\" data-element_type=\"widget\" data-widget_type=\"heading.default\">\n\t\t\t\t<div class=\"elementor-widget-container\">\n\t\t\t<p class=\"elementor-heading-title elementor-size-default\">Alexis COLMANT est licenci\u00e9 en Droit de l\u2019Universit\u00e9 Libre de Bruxelles avec distinction. <br><br>Il est par ailleurs Ma\u00eetre en Gestion Fiscale de l\u2019Ecole de commerce Solvay et d\u00e9tenteur d\u2019un Certificat Universitaire (Fucam) en administration des Entreprises en difficult\u00e9.\n <br><br>Il a effectu\u00e9 son stage aupr\u00e8s du Professeur Philippe DE PAGE. <br><br>Jeune Avocat, il a remport\u00e9 le premier prix (Prix Janson) de plaidoiries du Barreau de Bruxelles. <br><br>Ancien orateur pr\u00e8s la conf\u00e9rence BERRYER, il a si\u00e9g\u00e9 en ce sens \u00e0 Paris.<br><br>Secr\u00e9taire de la Conf\u00e9rence du Jeune Barreau de Bruxelles, Administrateur de la conf\u00e9rence du Jeune Barreau de Mons, il est ancien membre du Conseil de l\u2019Ordre pr\u00e8s le Barreau de Mons. <br><br>Il pratique essentiellement le droit des assurances et de la responsabilit\u00e9, responsabilit\u00e9 professionnelle, ainsi que le droit de l\u2019Entreprise, le droit p\u00e9nal de l\u2019Entreprise et le droit p\u00e9nal. <br><br>Son expertise s'\u00e9tend \u00e9galement au domaine du droit m\u00e9dical, o\u00f9 il conseille et repr\u00e9sente des professionnels de la sant\u00e9, des institutions m\u00e9dicales et des patients. <br><br>Il b\u00e9n\u00e9ficie d\u2019une expertise approfondie en mati\u00e8re de r\u00e9paration du dommage corporel.\n\nil est aussi curateur de faillite depuis 2022. \n<\/p>\t\t<\/div>\n\t\t\t\t<\/div>\n\t\t\t\t\t<\/div>\n\t\t<\/div>\n\t\t\t\t\t<\/div>\n\t\t<\/section>\n\t\t\t\t<div class=\"elementor-element elementor-element-23d26d8 elementor-invisible elementor-widget elementor-widget-image\" data-id=\"23d26d8\" data-element_type=\"widget\" data-settings=\"{&quot;_animation&quot;:&quot;fadeInRight&quot;}\" data-widget_type=\"image.default\">\n\t\t\t\t<div class=\"elementor-widget-container\">\n\t\t\t\t\t\t\t\t\t\t\t\t\t<img decoding=\"async\" src=\"https:\/\/avocatcolmant.be\/wp-content\/uploads\/elementor\/thumbs\/DSC01919-NBrr-qfcf0nc6m8wpn4itwpha6gpkyvdp69ei5k5hdyww60.jpg\" title=\"DSC01919 NBrr\" alt=\"DSC01919 NBrr\" loading=\"lazy\" \/>\t\t\t\t\t\t\t\t\t\t\t\t\t<\/div>\n\t\t\t\t<\/div>\n\t\t\t\t\t<\/div>\n\t\t<\/div>\n\t\t\t\t\t<\/div>\n\t\t<\/section>\n\t\t\t\t<section class=\"elementor-section elementor-top-section elementor-element elementor-element-3e623a36 elementor-section-boxed elementor-section-height-default elementor-section-height-default\" data-id=\"3e623a36\" data-element_type=\"section\">\n\t\t\t\t\t\t<div class=\"elementor-container elementor-column-gap-no\">\n\t\t\t\t\t<div class=\"elementor-column elementor-col-50 elementor-top-column elementor-element elementor-element-77f515ac\" data-id=\"77f515ac\" data-element_type=\"column\">\n\t\t\t<div class=\"elementor-widget-wrap elementor-element-populated\">\n\t\t\t\t\t\t<section class=\"elementor-section elementor-inner-section elementor-element elementor-element-325bc171 elementor-section-boxed elementor-section-height-default elementor-section-height-default\" data-id=\"325bc171\" data-element_type=\"section\">\n\t\t\t\t\t\t<div class=\"elementor-container elementor-column-gap-no\">\n\t\t\t\t\t<div class=\"elementor-column elementor-col-100 elementor-inner-column elementor-element elementor-element-e659d90\" data-id=\"e659d90\" data-element_type=\"column\">\n\t\t\t<div class=\"elementor-widget-wrap elementor-element-populated\">\n\t\t\t\t\t\t<div class=\"elementor-element elementor-element-1a49eb29 elementor-widget elementor-widget-heading\" data-id=\"1a49eb29\" data-element_type=\"widget\" data-widget_type=\"heading.default\">\n\t\t\t\t<div class=\"elementor-widget-container\">\n\t\t\t<h3 class=\"elementor-heading-title elementor-size-default\"><a href=\"http:\/\/demo.themecitizen.com\/airi\/jayden-gill\/\">Catherine Hupez<\/a><\/h3>\t\t<\/div>\n\t\t\t\t<\/div>\n\t\t\t\t<div class=\"elementor-element elementor-element-7568b646 elementor-widget elementor-widget-heading\" data-id=\"7568b646\" data-element_type=\"widget\" data-widget_type=\"heading.default\">\n\t\t\t\t<div class=\"elementor-widget-container\">\n\t\t\t<p class=\"elementor-heading-title elementor-size-default\">\nMa\u00eetre Catherine Hupez a obtenu son dipl\u00f4me de licenci\u00e9e en droit avec distinction \u00e0 l'Universit\u00e9 Catholique de Louvain en 2003..<br><br> Elle pratique quotidiennement le droit des entreprises, y compris les entreprises en difficult\u00e9, le droit des contrats, le droit des assurances et le droit de la responsabilit\u00e9. <br><br>Elle est aussi curatrice de faillite depuis 2023.\n\n\n<\/p>\t\t<\/div>\n\t\t\t\t<\/div>\n\t\t\t\t<div class=\"elementor-element elementor-element-144c006 elementor-invisible elementor-widget elementor-widget-image\" data-id=\"144c006\" data-element_type=\"widget\" data-settings=\"{&quot;_animation&quot;:&quot;fadeInLeft&quot;}\" data-widget_type=\"image.default\">\n\t\t\t\t<div class=\"elementor-widget-container\">\n\t\t\t\t\t\t\t\t\t\t\t\t\t<img decoding=\"async\" src=\"https:\/\/avocatcolmant.be\/wp-content\/uploads\/elementor\/thumbs\/DSC01854-NB-scaled-qfcemjrbhs7383kyp2yp6vjhaabh3xueoe2v4w1wfw.jpg\" title=\"DSC01854 NB\" alt=\"DSC01854 NB\" loading=\"lazy\" \/>\t\t\t\t\t\t\t\t\t\t\t\t\t<\/div>\n\t\t\t\t<\/div>\n\t\t\t\t\t<\/div>\n\t\t<\/div>\n\t\t\t\t\t<\/div>\n\t\t<\/section>\n\t\t\t\t\t<\/div>\n\t\t<\/div>\n\t\t\t\t<div class=\"elementor-column elementor-col-50 elementor-top-column elementor-element elementor-element-114cd958\" data-id=\"114cd958\" data-element_type=\"column\">\n\t\t\t<div class=\"elementor-widget-wrap elementor-element-populated\">\n\t\t\t\t\t\t<section class=\"elementor-section elementor-inner-section elementor-element elementor-element-2d363337 elementor-section-boxed elementor-section-height-default elementor-section-height-default\" data-id=\"2d363337\" data-element_type=\"section\">\n\t\t\t\t\t\t<div class=\"elementor-container elementor-column-gap-no\">\n\t\t\t\t\t<div class=\"elementor-column elementor-col-100 elementor-inner-column elementor-element elementor-element-545af21a\" data-id=\"545af21a\" data-element_type=\"column\">\n\t\t\t<div class=\"elementor-widget-wrap elementor-element-populated\">\n\t\t\t\t\t\t<div class=\"elementor-element elementor-element-2f8690ca elementor-widget elementor-widget-heading\" data-id=\"2f8690ca\" data-element_type=\"widget\" data-widget_type=\"heading.default\">\n\t\t\t\t<div class=\"elementor-widget-container\">\n\t\t\t<h3 class=\"elementor-heading-title elementor-size-default\"><a href=\"http:\/\/demo.themecitizen.com\/airi\/jayden-gill\/\">Lauriane JOPART<\/a><\/h3>\t\t<\/div>\n\t\t\t\t<\/div>\n\t\t\t\t<div class=\"elementor-element elementor-element-1049aba4 elementor-widget elementor-widget-heading\" data-id=\"1049aba4\" data-element_type=\"widget\" data-widget_type=\"heading.default\">\n\t\t\t\t<div class=\"elementor-widget-container\">\n\t\t\t<p class=\"elementor-heading-title elementor-size-default\">Ma\u00eetre Lauriane Jopart a obtenu son Master en droit \u00e0 l\u2019UCL et a poursuivi par un Master compl\u00e9mentaire en droit notarial \u00e0 l\u2019ULB. <br><br>Elle est Avocate au barreau de Mons depuis 2016.<br><br>Durant ses \u00e9tudes, elle a suivi l\u2019ensemble des cours du certificat universitaire en droit des assurances et \u00e9valuation du dommage corporel. <br><br>Elle est \u00e9galement titulaire d\u2019un certificat universitaire en mandataire de crise-entreprises en difficult\u00e9. <br><br>Elle vous conseillera dans vos litiges en droit de la responsabilit\u00e9, droit du roulage, dommages corporels et droit du travail. <\/p>\t\t<\/div>\n\t\t\t\t<\/div>\n\t\t\t\t\t<\/div>\n\t\t<\/div>\n\t\t\t\t\t<\/div>\n\t\t<\/section>\n\t\t\t\t<div class=\"elementor-element elementor-element-ad9eba6 elementor-invisible elementor-widget elementor-widget-image\" data-id=\"ad9eba6\" data-element_type=\"widget\" data-settings=\"{&quot;_animation&quot;:&quot;fadeInRight&quot;}\" data-widget_type=\"image.default\">\n\t\t\t\t<div class=\"elementor-widget-container\">\n\t\t\t\t\t\t\t\t\t\t\t\t\t<img decoding=\"async\" src=\"https:\/\/avocatcolmant.be\/wp-content\/uploads\/elementor\/thumbs\/DSC01886-NB-scaled-qfcemzqkpysypgxr3rvcv9ibdu4pqsluel64ale7i4.jpg\" title=\"DSC01886 NB\" alt=\"DSC01886 NB\" loading=\"lazy\" \/>\t\t\t\t\t\t\t\t\t\t\t\t\t<\/div>\n\t\t\t\t<\/div>\n\t\t\t\t\t<\/div>\n\t\t<\/div>\n\t\t\t\t\t<\/div>\n\t\t<\/section>\n\t\t\t\t<section class=\"elementor-section elementor-top-section elementor-element elementor-element-1bc4d65 elementor-section-boxed elementor-section-height-default elementor-section-height-default\" data-id=\"1bc4d65\" data-element_type=\"section\">\n\t\t\t\t\t\t<div class=\"elementor-container elementor-column-gap-no\">\n\t\t\t\t\t<div class=\"elementor-column elementor-col-50 elementor-top-column elementor-element elementor-element-5afba26\" data-id=\"5afba26\" data-element_type=\"column\">\n\t\t\t<div class=\"elementor-widget-wrap elementor-element-populated\">\n\t\t\t\t\t\t<section class=\"elementor-section elementor-inner-section elementor-element elementor-element-3d8380f elementor-section-boxed elementor-section-height-default elementor-section-height-default\" data-id=\"3d8380f\" data-element_type=\"section\">\n\t\t\t\t\t\t<div class=\"elementor-container elementor-column-gap-no\">\n\t\t\t\t\t<div class=\"elementor-column elementor-col-100 elementor-inner-column elementor-element elementor-element-3a67bf9\" data-id=\"3a67bf9\" data-element_type=\"column\">\n\t\t\t<div class=\"elementor-widget-wrap elementor-element-populated\">\n\t\t\t\t\t\t<div class=\"elementor-element elementor-element-0bd88e8 elementor-widget elementor-widget-heading\" data-id=\"0bd88e8\" data-element_type=\"widget\" data-widget_type=\"heading.default\">\n\t\t\t\t<div class=\"elementor-widget-container\">\n\t\t\t<h3 class=\"elementor-heading-title elementor-size-default\"><a href=\"http:\/\/demo.themecitizen.com\/airi\/jayden-gill\/\">Laura GOURMELEN<\/a><\/h3>\t\t<\/div>\n\t\t\t\t<\/div>\n\t\t\t\t<div class=\"elementor-element elementor-element-85bc6db elementor-widget elementor-widget-heading\" data-id=\"85bc6db\" data-element_type=\"widget\" data-widget_type=\"heading.default\">\n\t\t\t\t<div class=\"elementor-widget-container\">\n\t\t\t<p class=\"elementor-heading-title elementor-size-default\"><br>Ma\u00eetre Laura Gourmelen \u00e0 obtenu son Master en droit \u00e0 l'universit\u00e9 Catholique de Louvain en 2017 et est avocate au barreau de Mons depuis 2018.<br><br>Elle \u00e0 integr\u00e9 le cabinet Colmant en 2019 et traite essentiellement les dossiers de RC auto et de droit de la circulation routi\u00e8re.  <br><br>Par ailleurs, elle affectionne particuli\u00e8rement le droit des \u00e9trangers et le droit familial (en ce compris ses aspects de droit international priv\u00e9).<\/p>\t\t<\/div>\n\t\t\t\t<\/div>\n\t\t\t\t\t<\/div>\n\t\t<\/div>\n\t\t\t\t\t<\/div>\n\t\t<\/section>\n\t\t\t\t<div class=\"elementor-element elementor-element-658cfce elementor-invisible elementor-widget elementor-widget-image\" data-id=\"658cfce\" data-element_type=\"widget\" data-settings=\"{&quot;_animation&quot;:&quot;fadeInLeft&quot;}\" data-widget_type=\"image.default\">\n\t\t\t\t<div class=\"elementor-widget-container\">\n\t\t\t\t\t\t\t\t\t\t\t\t\t<img decoding=\"async\" src=\"https:\/\/avocatcolmant.be\/wp-content\/uploads\/elementor\/thumbs\/DSC01914-nb-scaled-qfceavlgmu7x2ej9ujcgqbkfr1uej8ie2mgtm7cvp8.jpg\" title=\"DSC01914 nb\" alt=\"DSC01914 nb\" loading=\"lazy\" \/>\t\t\t\t\t\t\t\t\t\t\t\t\t<\/div>\n\t\t\t\t<\/div>\n\t\t\t\t\t<\/div>\n\t\t<\/div>\n\t\t\t\t<div class=\"elementor-column elementor-col-50 elementor-top-column elementor-element elementor-element-35c6e37\" data-id=\"35c6e37\" data-element_type=\"column\">\n\t\t\t<div class=\"elementor-widget-wrap elementor-element-populated\">\n\t\t\t\t\t\t<section class=\"elementor-section elementor-inner-section elementor-element elementor-element-8e7dc96 elementor-section-boxed elementor-section-height-default elementor-section-height-default\" data-id=\"8e7dc96\" data-element_type=\"section\">\n\t\t\t\t\t\t<div class=\"elementor-container elementor-column-gap-no\">\n\t\t\t\t\t<div class=\"elementor-column elementor-col-100 elementor-inner-column elementor-element elementor-element-6adb051\" data-id=\"6adb051\" data-element_type=\"column\">\n\t\t\t<div class=\"elementor-widget-wrap elementor-element-populated\">\n\t\t\t\t\t\t<div class=\"elementor-element elementor-element-c980c5b elementor-widget elementor-widget-heading\" data-id=\"c980c5b\" data-element_type=\"widget\" data-widget_type=\"heading.default\">\n\t\t\t\t<div class=\"elementor-widget-container\">\n\t\t\t<h3 class=\"elementor-heading-title elementor-size-default\"><a href=\"http:\/\/demo.themecitizen.com\/airi\/jayden-gill\/\">Adriano CAPONIO<\/a><\/h3>\t\t<\/div>\n\t\t\t\t<\/div>\n\t\t\t\t<div class=\"elementor-element elementor-element-38a42e9 elementor-widget elementor-widget-heading\" data-id=\"38a42e9\" data-element_type=\"widget\" data-widget_type=\"heading.default\">\n\t\t\t\t<div class=\"elementor-widget-container\">\n\t\t\t<p class=\"elementor-heading-title elementor-size-default\"><br>Ma\u00eetre Adriano Caponio a obtenu son master en droit \u00e0 finalit\u00e9 \"justice civile et p\u00e9nale\" avec distinction \u00e0 l'Universit\u00e9 Catholique de Louvain en 2020.<br><br>Durant ses \u00e9tudes, il a suivi l\u2019ensemble des cours du certificat universitaire en droit des assurances et \u00e9valuation du dommage corporel.<br><br>Il pratique quotidiennement le droit des assurances, le droit de la responsabilit\u00e9 (civile, professionnelle, construction). <br><br>Il pourra \u00e9galement vous conseiller en droit de la circulation routi\u00e8re (p\u00e9nale et civile) et en droit civil g\u00e9n\u00e9ral (bail, contrat).<br><\/p>\t\t<\/div>\n\t\t\t\t<\/div>\n\t\t\t\t<div class=\"elementor-element elementor-element-7d13499 elementor-invisible elementor-widget elementor-widget-image\" data-id=\"7d13499\" data-element_type=\"widget\" data-settings=\"{&quot;_animation&quot;:&quot;fadeInRight&quot;}\" data-widget_type=\"image.default\">\n\t\t\t\t<div class=\"elementor-widget-container\">\n\t\t\t\t\t\t\t\t\t\t\t\t\t<img decoding=\"async\" src=\"https:\/\/avocatcolmant.be\/wp-content\/uploads\/elementor\/thumbs\/DSC01858-NB--scaled-qfcemra10ghdsza1h67pqtn61daetio9dfaqz3qr24.jpg\" title=\"DSC01858 NB\" alt=\"DSC01858 NB\" loading=\"lazy\" \/>\t\t\t\t\t\t\t\t\t\t\t\t\t<\/div>\n\t\t\t\t<\/div>\n\t\t\t\t\t<\/div>\n\t\t<\/div>\n\t\t\t\t\t<\/div>\n\t\t<\/section>\n\t\t\t\t\t<\/div>\n\t\t<\/div>\n\t\t\t\t\t<\/div>\n\t\t<\/section>\n\t\t\t\t<section class=\"elementor-section elementor-top-section elementor-element elementor-element-82392a2 elementor-section-boxed elementor-section-height-default elementor-section-height-default\" data-id=\"82392a2\" data-element_type=\"section\">\n\t\t\t\t\t\t<div class=\"elementor-container elementor-column-gap-default\">\n\t\t\t\t\t<div class=\"elementor-column elementor-col-50 elementor-top-column elementor-element elementor-element-3f5ae10\" data-id=\"3f5ae10\" data-element_type=\"column\">\n\t\t\t<div class=\"elementor-widget-wrap elementor-element-populated\">\n\t\t\t\t\t\t<div class=\"elementor-element elementor-element-f86d822 elementor-widget elementor-widget-heading\" data-id=\"f86d822\" data-element_type=\"widget\" data-widget_type=\"heading.default\">\n\t\t\t\t<div class=\"elementor-widget-container\">\n\t\t\t<h3 class=\"elementor-heading-title elementor-size-default\"><a href=\"http:\/\/demo.themecitizen.com\/airi\/jayden-gill\/\">Lea PIERLOT<\/a><\/h3>\t\t<\/div>\n\t\t\t\t<\/div>\n\t\t\t\t<div class=\"elementor-element elementor-element-f6dd1aa elementor-widget elementor-widget-heading\" data-id=\"f6dd1aa\" data-element_type=\"widget\" data-widget_type=\"heading.default\">\n\t\t\t\t<div class=\"elementor-widget-container\">\n\t\t\t<p class=\"elementor-heading-title elementor-size-default\">Ma\u00eetre Lea Pierlot \u00e0 obtenu avec distinction son Master en droit \u00e0 l'universit\u00e9 Catholique de Louvain en 2023 et \u00e0 int\u00e9gr\u00e9 le Cabinet Colmant cette m\u00eame ann\u00e9e.<br><br>Durant ses \u00e9tudes, elle a suivi l\u2019ensemble des cours du certificat universitaire en droit des assurances et \u00e9valuation du dommage corporel. <br><br>Elle affectionne tout particuli\u00e8rement le droit des assurances et de la responsabilit\u00e9 ainsi que le droit de la jeunesse.<br><br><\/p>\t\t<\/div>\n\t\t\t\t<\/div>\n\t\t\t\t\t<\/div>\n\t\t<\/div>\n\t\t\t\t<div class=\"elementor-column elementor-col-50 elementor-top-column elementor-element elementor-element-ad892e5\" data-id=\"ad892e5\" data-element_type=\"column\">\n\t\t\t<div class=\"elementor-widget-wrap elementor-element-populated\">\n\t\t\t\t\t\t<div class=\"elementor-element elementor-element-7ac2f23 elementor-widget elementor-widget-heading\" data-id=\"7ac2f23\" data-element_type=\"widget\" data-widget_type=\"heading.default\">\n\t\t\t\t<div class=\"elementor-widget-container\">\n\t\t\t<h3 class=\"elementor-heading-title elementor-size-default\"><a href=\"http:\/\/demo.themecitizen.com\/airi\/jayden-gill\/\">Coraline IGOT - Angela MURATORE<\/a><\/h3>\t\t<\/div>\n\t\t\t\t<\/div>\n\t\t\t\t<div class=\"elementor-element elementor-element-73fbe63 elementor-widget elementor-widget-heading\" data-id=\"73fbe63\" data-element_type=\"widget\" data-widget_type=\"heading.default\">\n\t\t\t\t<div class=\"elementor-widget-container\">\n\t\t\t<p class=\"elementor-heading-title elementor-size-default\">Une \u00e9quipe administrative efficace \u00e9paule les Avocats du Cabinet Colmant afin d'assurer une parfaite gestion des dossiers.<br><br>Elles veillent \u00e0 vous accueillir, vous orienter, et r\u00e9pondre au mieux \u00e0 vos questions.<\/p>\t\t<\/div>\n\t\t\t\t<\/div>\n\t\t\t\t<div class=\"elementor-element elementor-element-1222662 elementor-invisible elementor-widget elementor-widget-image\" data-id=\"1222662\" data-element_type=\"widget\" data-settings=\"{&quot;_animation&quot;:&quot;fadeInRight&quot;}\" data-widget_type=\"image.default\">\n\t\t\t\t<div class=\"elementor-widget-container\">\n\t\t\t\t\t\t\t\t\t\t\t\t\t<img decoding=\"async\" src=\"https:\/\/avocatcolmant.be\/wp-content\/uploads\/elementor\/thumbs\/equipe-admin-NB-scaled-qfcen94ymb5txkk3kvxmk74xboudvrn5rvoz3d09rw.jpg\" title=\"equipe admin NB\" alt=\"equipe admin NB\" loading=\"lazy\" \/>\t\t\t\t\t\t\t\t\t\t\t\t\t<\/div>\n\t\t\t\t<\/div>\n\t\t\t\t\t<\/div>\n\t\t<\/div>\n\t\t\t\t\t<\/div>\n\t\t<\/section>\n\t\t\t\t<\/div>\n\t\t","protected":false},"excerpt":{"rendered":"<p>Alain COLMANT Ma\u00eetre Alain COLMANT est Docteur en droit \u00e0 l&rsquo;Universit\u00e9 libre de Bruxelles. Il a pr\u00eat\u00e9 serment au Barreau [&hellip;]<\/p>\n","protected":false},"author":1,"featured_media":0,"parent":0,"menu_order":0,"comment_status":"closed","ping_status":"closed","template":"page-templates\/template_page-builder.php","meta":{"footnotes":""},"class_list":["post-110","page","type-page","status-publish","hentry"],"_links":{"self":[{"href":"https:\/\/avocatcolmant.be\/index.php?rest_route=\/wp\/v2\/pages\/110"}],"collection":[{"href":"https:\/\/avocatcolmant.be\/index.php?rest_route=\/wp\/v2\/pages"}],"about":[{"href":"https:\/\/avocatcolmant.be\/index.php?rest_route=\/wp\/v2\/types\/page"}],"author":[{"embeddable":true,"href":"https:\/\/avocatcolmant.be\/index.php?rest_route=\/wp\/v2\/users\/1"}],"replies":[{"embeddable":true,"href":"https:\/\/avocatcolmant.be\/index.php?rest_route=%2Fwp%2Fv2%2Fcomments&post=110"}],"version-history":[{"count":61,"href":"https:\/\/avocatcolmant.be\/index.php?rest_route=\/wp\/v2\/pages\/110\/revisions"}],"predecessor-version":[{"id":425,"href":"https:\/\/avocatcolmant.be\/index.php?rest_route=\/wp\/v2\/pages\/110\/revisions\/425"}],"wp:attachment":[{"href":"https:\/\/avocatcolmant.be\/index.php?rest_route=%2Fwp%2Fv2%2Fmedia&parent=110"}],"curies":[{"name":"wp","href":"https:\/\/api.w.org\/{rel}","templated":true}]}}